{"id":106,"date":"2025-12-12T15:15:09","date_gmt":"2025-12-12T14:15:09","guid":{"rendered":"https:\/\/www.transforming-human-rights.fau.de\/?page_id=106"},"modified":"2026-04-28T14:37:38","modified_gmt":"2026-04-28T12:37:38","slug":"unser-team","status":"publish","type":"page","link":"https:\/\/www.transforming-human-rights.fau.de\/en\/unser-team\/","title":{"rendered":"Our Team"},"content":{"rendered":"\n<p>Our interdisciplinary team brings together researchers from the fields of law, political science, philosophy, anthropology, human geography, history, computer sciences, management studies, and education. Together with four participating institutions in Germany \u2013 the <a href=\"https:\/\/www.nurembergacademy.org\/\">International Nuremberg Principles Academy<\/a>, the <a href=\"https:\/\/www.institut-fuer-menschenrechte.de\/en\/\">German Institute for Human Rights<\/a>, the <a href=\"https:\/\/www.ecchr.eu\/en\/\">European Center for Constitutional and Human Rights<\/a>, the <a href=\"https:\/\/www.eth.mpg.de\/2946085\/institute\">Max Planck Institute for Social Anthropology<\/a> \u2013 and fifteen international partners, we will reimagine and strengthen human rights research at a critical time.\u201d<\/p>\n\n\n\n<h2 class=\"wp-block-fau-elemental-fau-meta-headline\" id=\"headline-4b67ac94-f553-441c-87f5-941dd7c1f516\">Speakers<\/h2>\n\n\n\n<div class=\"wp-block-columns is-layout-flex wp-container-core-columns-is-layout-28f84493 wp-block-columns-is-layout-flex\">\n<div class=\"wp-block-column is-layout-flow wp-block-column-is-layout-flow\">\n<p><strong><a href=\"https:\/\/www.pol.phil.fau.eu\/person\/katrin-kinzelbach\/\" data-type=\"link\" data-id=\"https:\/\/www.pol.phil.fau.eu\/person\/katrin-kinzelbach\/\">Prof. Dr. Katrin Kinzelbach<\/a><\/strong><\/p>\n\n\n\n<figure class=\"wp-block-image size-large is-style-large has-overlay\"><div class=\"image-wrapper\"><img loading=\"lazy\" decoding=\"async\" src=\"https:\/\/www.transforming-human-rights.fau.de\/files\/2025\/12\/Kinzelbach_Katrin_querformat_4zu3_web-1024x768.jpg\" alt=\"Katrin Kinzelbach\" class=\"wp-image-60 tall-image\" srcset=\"https:\/\/www.transforming-human-rights.fau.de\/files\/2025\/12\/Kinzelbach_Katrin_querformat_4zu3_web-1024x768.jpg 1024w, https:\/\/www.transforming-human-rights.fau.de\/files\/2025\/12\/Kinzelbach_Katrin_querformat_4zu3_web-300x225.jpg 300w, https:\/\/www.transforming-human-rights.fau.de\/files\/2025\/12\/Kinzelbach_Katrin_querformat_4zu3_web-768x576.jpg 768w, https:\/\/www.transforming-human-rights.fau.de\/files\/2025\/12\/Kinzelbach_Katrin_querformat_4zu3_web-1536x1152.jpg 1536w, https:\/\/www.transforming-human-rights.fau.de\/files\/2025\/12\/Kinzelbach_Katrin_querformat_4zu3_web-2048x1536.jpg 2048w\" \/><button class=\"image-fullscreen-btn\" onclick=\"openImageFullscreen('https:\/\/www.transforming-human-rights.fau.de\/files\/2025\/12\/Kinzelbach_Katrin_querformat_4zu3_web-scaled.jpg')\">\u26f6<\/button><\/div><figcaption class=\"wp-element-caption\">Chair of Human Rights Politics<br><br>Contact: <a href=\"mailto:katrin.kinzelbach@fau.de\">katrin.kinzelbach@fau.de<\/a><\/figcaption><\/figure>\n<\/div>\n\n\n\n<div class=\"wp-block-column is-layout-flow wp-block-column-is-layout-flow\">\n<p><strong><a href=\"https:\/\/www.rph1.rw.fau.de\/lehrstuhlteam-voelkerrecht\/prof-dr-markus-krajewski\/\" data-type=\"link\" data-id=\"https:\/\/www.rph1.rw.fau.de\/lehrstuhlteam-voelkerrecht\/prof-dr-markus-krajewski\/\">Prof. Dr. Markus Krajewski<\/a><\/strong><\/p>\n\n\n\n<figure class=\"wp-block-image size-large is-style-large has-overlay\"><div class=\"image-wrapper\"><img loading=\"lazy\" decoding=\"async\" src=\"https:\/\/www.transforming-human-rights.fau.de\/files\/2025\/12\/Krajewski_Markus_querformat_4zu3_web-1024x768.jpg\" alt=\"Markus Krajewski\" class=\"wp-image-61 tall-image\" srcset=\"https:\/\/www.transforming-human-rights.fau.de\/files\/2025\/12\/Krajewski_Markus_querformat_4zu3_web-1024x768.jpg 1024w, https:\/\/www.transforming-human-rights.fau.de\/files\/2025\/12\/Krajewski_Markus_querformat_4zu3_web-300x225.jpg 300w, https:\/\/www.transforming-human-rights.fau.de\/files\/2025\/12\/Krajewski_Markus_querformat_4zu3_web-768x576.jpg 768w, https:\/\/www.transforming-human-rights.fau.de\/files\/2025\/12\/Krajewski_Markus_querformat_4zu3_web-1536x1152.jpg 1536w, https:\/\/www.transforming-human-rights.fau.de\/files\/2025\/12\/Krajewski_Markus_querformat_4zu3_web-2048x1536.jpg 2048w\" \/><button class=\"image-fullscreen-btn\" onclick=\"openImageFullscreen('https:\/\/www.transforming-human-rights.fau.de\/files\/2025\/12\/Krajewski_Markus_querformat_4zu3_web-scaled.jpg')\">\u26f6<\/button><\/div><figcaption class=\"wp-element-caption\">Chair of Public Law and International Law<br><br>Contact: <a href=\"mailto:markus.krajewski@fau.de\">markus.krajewski@fau.de<\/a><\/figcaption><\/figure>\n<\/div>\n<\/div>\n\n\n\n<h2 class=\"wp-block-fau-elemental-fau-meta-headline\" id=\"headline-d280765d-1fc9-4fae-86c5-a7b71431e7c5\">Participating Persons<\/h2>\n\n\n\n<div class=\"wp-block-columns is-layout-flex wp-container-core-columns-is-layout-28f84493 wp-block-columns-is-layout-flex\">\n<div class=\"wp-block-column is-layout-flow wp-block-column-is-layout-flow\">\n<p><a href=\"https:\/\/www.mr2.rw.fau.de\/en\/person\/grazyna-baranowska\/\" data-type=\"link\" data-id=\"https:\/\/www.mr2.rw.fau.de\/en\/person\/grazyna-baranowska\/\">Prof. Dr. Gra\u017cyna Baranowska<\/a><\/p>\n\n\n\n<figure class=\"wp-block-image size-large is-style-large has-overlay\"><div class=\"image-wrapper\"><img loading=\"lazy\" decoding=\"async\" src=\"https:\/\/www.transforming-human-rights.fau.de\/files\/2025\/12\/N4A0435-e1765552023810-1024x768.jpg\" alt=\"Gra\u017cyna Baranowska \" class=\"wp-image-114 tall-image\" srcset=\"https:\/\/www.transforming-human-rights.fau.de\/files\/2025\/12\/N4A0435-e1765552023810-1024x768.jpg 1024w, https:\/\/www.transforming-human-rights.fau.de\/files\/2025\/12\/N4A0435-e1765552023810-300x225.jpg 300w, https:\/\/www.transforming-human-rights.fau.de\/files\/2025\/12\/N4A0435-e1765552023810-768x576.jpg 768w, https:\/\/www.transforming-human-rights.fau.de\/files\/2025\/12\/N4A0435-e1765552023810-1536x1152.jpg 1536w, https:\/\/www.transforming-human-rights.fau.de\/files\/2025\/12\/N4A0435-e1765552023810.jpg 1702w\" \/><button class=\"image-fullscreen-btn\" onclick=\"openImageFullscreen('https:\/\/www.transforming-human-rights.fau.de\/files\/2025\/12\/N4A0435-e1765552023810.jpg')\">\u26f6<\/button><\/div><figcaption class=\"wp-element-caption\">Chair of Migration Law and Human Rights<br><br>Contact: <a href=\"mailto:grazyna.baranowska@fau.de\">grazyna.baranowska@fau.de<\/a><\/figcaption><\/figure>\n<\/div>\n\n\n\n<div class=\"wp-block-column is-layout-flow wp-block-column-is-layout-flow\">\n<p><a href=\"https:\/\/www.sustainability.rw.fau.eu\/startseite\/team\/prof-dr-markus-beckmann\/\">Prof. Dr. Markus Beckmann<\/a><\/p>\n\n\n\n<figure class=\"wp-block-image size-large is-style-large has-overlay\"><div class=\"image-wrapper\"><img loading=\"lazy\" decoding=\"async\" src=\"https:\/\/www.transforming-human-rights.fau.de\/files\/2025\/12\/N4A0621-e1765551901386-1024x768.jpg\" alt=\"Markus Beckmann\" class=\"wp-image-119 tall-image\" srcset=\"https:\/\/www.transforming-human-rights.fau.de\/files\/2025\/12\/N4A0621-e1765551901386-1024x768.jpg 1024w, https:\/\/www.transforming-human-rights.fau.de\/files\/2025\/12\/N4A0621-e1765551901386-300x225.jpg 300w, https:\/\/www.transforming-human-rights.fau.de\/files\/2025\/12\/N4A0621-e1765551901386-768x576.jpg 768w, https:\/\/www.transforming-human-rights.fau.de\/files\/2025\/12\/N4A0621-e1765551901386-1536x1152.jpg 1536w, https:\/\/www.transforming-human-rights.fau.de\/files\/2025\/12\/N4A0621-e1765551901386.jpg 1706w\" \/><button class=\"image-fullscreen-btn\" onclick=\"openImageFullscreen('https:\/\/www.transforming-human-rights.fau.de\/files\/2025\/12\/N4A0621-e1765551901386.jpg')\">\u26f6<\/button><\/div><figcaption class=\"wp-element-caption\">Chair of Corporate Sustainability Management<br><br>Contact: <a href=\"mailto:Markus.beckmann@fau.de\">markus.beckmann@fau.de<\/a><\/figcaption><\/figure>\n<\/div>\n<\/div>\n\n\n\n<div style=\"height:24px\" aria-hidden=\"true\" class=\"wp-block-spacer\"><\/div>\n\n\n\n<div class=\"wp-block-columns is-layout-flex wp-container-core-columns-is-layout-28f84493 wp-block-columns-is-layout-flex\">\n<div class=\"wp-block-column is-layout-flow wp-block-column-is-layout-flow\">\n<p><a href=\"https:\/\/www.pol.phil.fau.eu\/person\/petra-bendel\/\">Prof. Dr. Petra Bendel<\/a><\/p>\n\n\n\n<figure class=\"wp-block-image size-large is-style-large has-overlay\"><div class=\"image-wrapper\"><img loading=\"lazy\" decoding=\"async\" src=\"https:\/\/www.transforming-human-rights.fau.de\/files\/2025\/12\/Petra_Bendel-scaled-e1765549682414-1024x768.jpg\" alt=\"Petra Bendel\" class=\"wp-image-159 tall-image\" srcset=\"https:\/\/www.transforming-human-rights.fau.de\/files\/2025\/12\/Petra_Bendel-scaled-e1765549682414-1024x768.jpg 1024w, https:\/\/www.transforming-human-rights.fau.de\/files\/2025\/12\/Petra_Bendel-scaled-e1765549682414-300x225.jpg 300w, https:\/\/www.transforming-human-rights.fau.de\/files\/2025\/12\/Petra_Bendel-scaled-e1765549682414-768x576.jpg 768w, https:\/\/www.transforming-human-rights.fau.de\/files\/2025\/12\/Petra_Bendel-scaled-e1765549682414-1536x1152.jpg 1536w, https:\/\/www.transforming-human-rights.fau.de\/files\/2025\/12\/Petra_Bendel-scaled-e1765549682414-2048x1536.jpg 2048w\" \/><button class=\"image-fullscreen-btn\" onclick=\"openImageFullscreen('https:\/\/www.transforming-human-rights.fau.de\/files\/2025\/12\/Petra_Bendel-scaled-e1765549682414.jpg')\">\u26f6<\/button><\/div><figcaption class=\"wp-element-caption\">Professor of Political Science, Head of Research on Migration, Displacement and Integration<br><br>Contact: <a href=\"mailto:petra.bendel@fau.de\">petra.bendel@fau.de<\/a><\/figcaption><\/figure>\n<\/div>\n\n\n\n<div class=\"wp-block-column is-layout-flow wp-block-column-is-layout-flow\">\n<p><a href=\"https:\/\/www.pol.phil.fau.eu\/person\/heiner-bielefeldt\/\">Prof. Dr. Dr. h.c. Heiner Bielefeldt<\/a><\/p>\n\n\n\n<figure class=\"wp-block-image size-large is-style-large has-overlay\"><div class=\"image-wrapper\"><img loading=\"lazy\" decoding=\"async\" src=\"https:\/\/www.transforming-human-rights.fau.de\/files\/2025\/12\/Heiner_Bielefeldt-scaled-e1765549776873-1024x768.jpg\" alt=\"Heiner Bielefeld\" class=\"wp-image-158 tall-image\" srcset=\"https:\/\/www.transforming-human-rights.fau.de\/files\/2025\/12\/Heiner_Bielefeldt-scaled-e1765549776873-1024x768.jpg 1024w, https:\/\/www.transforming-human-rights.fau.de\/files\/2025\/12\/Heiner_Bielefeldt-scaled-e1765549776873-300x225.jpg 300w, https:\/\/www.transforming-human-rights.fau.de\/files\/2025\/12\/Heiner_Bielefeldt-scaled-e1765549776873-768x576.jpg 768w, https:\/\/www.transforming-human-rights.fau.de\/files\/2025\/12\/Heiner_Bielefeldt-scaled-e1765549776873-1536x1152.jpg 1536w, https:\/\/www.transforming-human-rights.fau.de\/files\/2025\/12\/Heiner_Bielefeldt-scaled-e1765549776873-2048x1536.jpg 2048w\" \/><button class=\"image-fullscreen-btn\" onclick=\"openImageFullscreen('https:\/\/www.transforming-human-rights.fau.de\/files\/2025\/12\/Heiner_Bielefeldt-scaled-e1765549776873.jpg')\">\u26f6<\/button><\/div><figcaption class=\"wp-element-caption\">Senior Professor of Human Rights<br><br>Contact: <a href=\"mailto:heiner.bielefeldt@fau.de\">heiner.bielefeldt@fau.de<\/a><\/figcaption><\/figure>\n<\/div>\n<\/div>\n\n\n\n<div style=\"height:24px\" aria-hidden=\"true\" class=\"wp-block-spacer\"><\/div>\n\n\n\n<div class=\"wp-block-columns is-layout-flex wp-container-core-columns-is-layout-28f84493 wp-block-columns-is-layout-flex\">\n<div class=\"wp-block-column is-layout-flow wp-block-column-is-layout-flow\">\n<p><a href=\"https:\/\/www.law.ox.ac.uk\/people\/basak-cali\">Prof. Dr. Ba\u015fak \u00c7al\u0131<\/a><\/p>\n\n\n\n<figure class=\"wp-block-image size-large is-style-large has-overlay\"><div class=\"image-wrapper\"><img loading=\"lazy\" decoding=\"async\" src=\"https:\/\/www.transforming-human-rights.fau.de\/files\/2025\/12\/Basak_Cali-e1765552218215-1024x769.jpg\" alt=\"Ba\u015fak \u00c7al\u0131\" class=\"wp-image-161 tall-image\" srcset=\"https:\/\/www.transforming-human-rights.fau.de\/files\/2025\/12\/Basak_Cali-e1765552218215-1024x769.jpg 1024w, https:\/\/www.transforming-human-rights.fau.de\/files\/2025\/12\/Basak_Cali-e1765552218215-300x225.jpg 300w, https:\/\/www.transforming-human-rights.fau.de\/files\/2025\/12\/Basak_Cali-e1765552218215-768x577.jpg 768w, https:\/\/www.transforming-human-rights.fau.de\/files\/2025\/12\/Basak_Cali-e1765552218215-1536x1153.jpg 1536w, https:\/\/www.transforming-human-rights.fau.de\/files\/2025\/12\/Basak_Cali-e1765552218215.jpg 1545w\" \/><button class=\"image-fullscreen-btn\" onclick=\"openImageFullscreen('https:\/\/www.transforming-human-rights.fau.de\/files\/2025\/12\/Basak_Cali-e1765552218215.jpg')\">\u26f6<\/button><\/div><figcaption class=\"wp-element-caption\">Head of Research at the Bonavero Institute of Human Rights, Professor of International Law at University of Oxford<br><br>Contact: basak.cali@law.ox.ac.uk<\/figcaption><\/figure>\n<\/div>\n\n\n\n<div class=\"wp-block-column is-layout-flow wp-block-column-is-layout-flow\">\n<p><a href=\"https:\/\/www.rph3.rw.fau.de\/person\/prof-dr-laura-clerico-honorary-professor-at-the-university-erlangen-nuernberg\/\">Prof. Dr. Laura Cl\u00e9rico<\/a><\/p>\n\n\n\n<figure class=\"wp-block-image size-large is-style-large has-overlay\"><div class=\"image-wrapper\"><img loading=\"lazy\" decoding=\"async\" src=\"https:\/\/www.transforming-human-rights.fau.de\/files\/2025\/12\/N4A0203-e1765552125332-1024x769.jpg\" alt=\"Laura Cl\u00e9rico\" class=\"wp-image-110 tall-image\" srcset=\"https:\/\/www.transforming-human-rights.fau.de\/files\/2025\/12\/N4A0203-e1765552125332-1024x769.jpg 1024w, https:\/\/www.transforming-human-rights.fau.de\/files\/2025\/12\/N4A0203-e1765552125332-300x225.jpg 300w, https:\/\/www.transforming-human-rights.fau.de\/files\/2025\/12\/N4A0203-e1765552125332-768x577.jpg 768w, https:\/\/www.transforming-human-rights.fau.de\/files\/2025\/12\/N4A0203-e1765552125332-1536x1154.jpg 1536w, https:\/\/www.transforming-human-rights.fau.de\/files\/2025\/12\/N4A0203-e1765552125332.jpg 1696w\" \/><button class=\"image-fullscreen-btn\" onclick=\"openImageFullscreen('https:\/\/www.transforming-human-rights.fau.de\/files\/2025\/12\/N4A0203-e1765552125332.jpg')\">\u26f6<\/button><\/div><figcaption class=\"wp-element-caption\">Honorary Professor of Constitutional Comparative Law and Protection of Human Rights, Chair of Constitutional Law at the University of Buenos Aires<br><br>Contact: <a href=\"mailto:laura.clerico@fau.de\">laura.clerico@fau.de<\/a><\/figcaption><\/figure>\n<\/div>\n<\/div>\n\n\n\n<div style=\"height:24px\" aria-hidden=\"true\" class=\"wp-block-spacer\"><\/div>\n\n\n\n<div class=\"wp-block-columns is-layout-flex wp-container-core-columns-is-layout-28f84493 wp-block-columns-is-layout-flex\">\n<div class=\"wp-block-column is-layout-flow wp-block-column-is-layout-flow\">\n<p><a href=\"https:\/\/www.pol.phil.fau.de\/faudir\/prof-dr-thomas-demmelhuber\/\">Prof. Dr. Thomas Demmelhuber<\/a><\/p>\n\n\n\n<figure class=\"wp-block-image size-large is-style-large has-overlay\"><div class=\"image-wrapper\"><img loading=\"lazy\" decoding=\"async\" src=\"https:\/\/www.transforming-human-rights.fau.de\/files\/2025\/12\/N4A0209-1024x683.jpg\" alt=\"Thomas Demmelhuber\" class=\"wp-image-143\" srcset=\"https:\/\/www.transforming-human-rights.fau.de\/files\/2025\/12\/N4A0209-1024x683.jpg 1024w, https:\/\/www.transforming-human-rights.fau.de\/files\/2025\/12\/N4A0209-300x200.jpg 300w, https:\/\/www.transforming-human-rights.fau.de\/files\/2025\/12\/N4A0209-768x512.jpg 768w, https:\/\/www.transforming-human-rights.fau.de\/files\/2025\/12\/N4A0209-1536x1024.jpg 1536w, https:\/\/www.transforming-human-rights.fau.de\/files\/2025\/12\/N4A0209-2048x1365.jpg 2048w\" \/><button class=\"image-fullscreen-btn\" onclick=\"openImageFullscreen('https:\/\/www.transforming-human-rights.fau.de\/files\/2025\/12\/N4A0209-scaled.jpg')\">\u26f6<\/button><\/div><figcaption class=\"wp-element-caption\">Chair of Middle East Politics and Society<br><br>Contact: <a href=\"mailto:thomas.demmelhuber@fau.de\">thomas.demmelhuber@fau.de<\/a><\/figcaption><\/figure>\n<\/div>\n\n\n\n<div class=\"wp-block-column is-layout-flow wp-block-column-is-layout-flow\">\n<p><a href=\"https:\/\/www.geschichte.phil.fau.de\/person\/derix-simone\/\">Prof. Dr. Simone Derix<\/a><\/p>\n\n\n\n<figure class=\"wp-block-image size-large is-style-large has-overlay\"><div class=\"image-wrapper\"><img loading=\"lazy\" decoding=\"async\" src=\"https:\/\/www.transforming-human-rights.fau.de\/files\/2025\/12\/N4A0498-e1765551982696-1024x768.jpg\" alt=\"Simone Derix\" class=\"wp-image-116 tall-image\" srcset=\"https:\/\/www.transforming-human-rights.fau.de\/files\/2025\/12\/N4A0498-e1765551982696-1024x768.jpg 1024w, https:\/\/www.transforming-human-rights.fau.de\/files\/2025\/12\/N4A0498-e1765551982696-300x225.jpg 300w, https:\/\/www.transforming-human-rights.fau.de\/files\/2025\/12\/N4A0498-e1765551982696-768x576.jpg 768w, https:\/\/www.transforming-human-rights.fau.de\/files\/2025\/12\/N4A0498-e1765551982696-1536x1152.jpg 1536w, https:\/\/www.transforming-human-rights.fau.de\/files\/2025\/12\/N4A0498-e1765551982696.jpg 1706w\" \/><button class=\"image-fullscreen-btn\" onclick=\"openImageFullscreen('https:\/\/www.transforming-human-rights.fau.de\/files\/2025\/12\/N4A0498-e1765551982696.jpg')\">\u26f6<\/button><\/div><figcaption class=\"wp-element-caption\">Chair of Modern and Contemporary History<br><br>Contact: <a href=\"mailto:simone.derix@fau.de\">simone.derix@fau.de<\/a><\/figcaption><\/figure>\n<\/div>\n<\/div>\n\n\n\n<div style=\"height:24px\" aria-hidden=\"true\" class=\"wp-block-spacer\"><\/div>\n\n\n\n<div class=\"wp-block-columns is-layout-flex wp-container-core-columns-is-layout-28f84493 wp-block-columns-is-layout-flex\">\n<div class=\"wp-block-column is-layout-flow wp-block-column-is-layout-flow\">\n<p><a href=\"https:\/\/staatsrecht.univie.ac.at\/en\/team\/farahat-anuscheh\/\">Prof. Dr. Anuscheh Farahat<\/a><\/p>\n\n\n\n<figure class=\"wp-block-image size-large is-style-large has-overlay\"><div class=\"image-wrapper\"><img loading=\"lazy\" decoding=\"async\" src=\"https:\/\/www.transforming-human-rights.fau.de\/files\/2025\/12\/N4A0400-e1765552053738-1024x766.jpg\" alt=\"Anuscheh Farahat\" class=\"wp-image-113 tall-image\" srcset=\"https:\/\/www.transforming-human-rights.fau.de\/files\/2025\/12\/N4A0400-e1765552053738-1024x766.jpg 1024w, https:\/\/www.transforming-human-rights.fau.de\/files\/2025\/12\/N4A0400-e1765552053738-300x225.jpg 300w, https:\/\/www.transforming-human-rights.fau.de\/files\/2025\/12\/N4A0400-e1765552053738-768x575.jpg 768w, https:\/\/www.transforming-human-rights.fau.de\/files\/2025\/12\/N4A0400-e1765552053738-1536x1150.jpg 1536w, https:\/\/www.transforming-human-rights.fau.de\/files\/2025\/12\/N4A0400-e1765552053738.jpg 1706w\" \/><button class=\"image-fullscreen-btn\" onclick=\"openImageFullscreen('https:\/\/www.transforming-human-rights.fau.de\/files\/2025\/12\/N4A0400-e1765552053738.jpg')\">\u26f6<\/button><\/div><figcaption class=\"wp-element-caption\">Professor of Public Law in the European Context at University of Vienna<br><br>Contact: anuscheh.farahat@univie.ac.at<\/figcaption><\/figure>\n<\/div>\n\n\n\n<div class=\"wp-block-column is-layout-flow wp-block-column-is-layout-flow\">\n<p><a href=\"https:\/\/www.cs1.tf.fau.de\/person\/felix-freiling\/\"><\/a><a href=\"https:\/\/www.igem-ethik.med.fau.de\/ethik\/mitarbeiter\/prof-dr-med-andreas-frewer-m-a\/\">Prof. Dr. Andreas Frewer<\/a><\/p>\n\n\n<\/div>\n<\/div>\n\n\n\n<div style=\"height:24px\" aria-hidden=\"true\" class=\"wp-block-spacer\"><\/div>\n\n\n\n<div class=\"wp-block-columns is-layout-flex wp-container-core-columns-is-layout-28f84493 wp-block-columns-is-layout-flex\">\n<div class=\"wp-block-column is-layout-flow wp-block-column-is-layout-flow\">\n<p><a href=\"https:\/\/www.mpg.de\/5857149\/social-anthropology-foblets\">Prof. Dr. Marie-Claire Foblets<\/a><\/p>\n\n\n\n<figure class=\"wp-block-image size-large is-style-large has-overlay\"><div class=\"image-wrapper\"><img loading=\"lazy\" decoding=\"async\" src=\"https:\/\/www.transforming-human-rights.fau.de\/files\/2026\/02\/Foblets_PP_DSCF9056-819x1024.jpg\" alt=\"Marie-Claire Foblets\" class=\"wp-image-562 tall-image\" srcset=\"https:\/\/www.transforming-human-rights.fau.de\/files\/2026\/02\/Foblets_PP_DSCF9056-819x1024.jpg 819w, https:\/\/www.transforming-human-rights.fau.de\/files\/2026\/02\/Foblets_PP_DSCF9056-240x300.jpg 240w, https:\/\/www.transforming-human-rights.fau.de\/files\/2026\/02\/Foblets_PP_DSCF9056-768x960.jpg 768w, https:\/\/www.transforming-human-rights.fau.de\/files\/2026\/02\/Foblets_PP_DSCF9056-1229x1536.jpg 1229w, https:\/\/www.transforming-human-rights.fau.de\/files\/2026\/02\/Foblets_PP_DSCF9056-1638x2048.jpg 1638w, https:\/\/www.transforming-human-rights.fau.de\/files\/2026\/02\/Foblets_PP_DSCF9056-scaled.jpg 2048w\" \/><button class=\"image-fullscreen-btn\" onclick=\"openImageFullscreen('https:\/\/www.transforming-human-rights.fau.de\/files\/2026\/02\/Foblets_PP_DSCF9056-scaled.jpg')\">\u26f6<\/button><\/div><figcaption class=\"wp-element-caption\">Representative of the Max Planck Institute for Social Anthropology (MPI), Director of the Department of Law &amp; Ethnology<\/figcaption><\/figure>\n<\/div>\n\n\n\n<div class=\"wp-block-column is-layout-flow wp-block-column-is-layout-flow\">\n<p><a href=\"https:\/\/www.cs1.tf.fau.de\/person\/felix-freiling\/\">Prof. Dr.-Ing. Felix Freiling<\/a><\/p>\n\n\n\n<figure class=\"wp-block-image size-full is-style-large has-overlay\"><div class=\"image-wrapper\"><img loading=\"lazy\" decoding=\"async\" src=\"https:\/\/www.transforming-human-rights.fau.de\/files\/2025\/12\/2022_FAU-CYBERCRIME_Felix-Freiling_LEROT00481_small-240x320-1-e1765549632115.jpg\" alt=\"\" class=\"wp-image-163 tall-image\" \/><button class=\"image-fullscreen-btn\" onclick=\"openImageFullscreen('https:\/\/www.transforming-human-rights.fau.de\/files\/2025\/12\/2022_FAU-CYBERCRIME_Felix-Freiling_LEROT00481_small-240x320-1-e1765549632115.jpg')\">\u26f6<\/button><\/div><figcaption class=\"wp-element-caption\">Chair of Computer Science 1 (IT Security Infrastructures)<br><br>Contact: <a href=\"mailto:felix.freiling@fau.de\">felix.freiling@fau.de<\/a><\/figcaption><\/figure>\n<\/div>\n<\/div>\n\n\n\n<div style=\"height:24px\" aria-hidden=\"true\" class=\"wp-block-spacer\"><\/div>\n\n\n\n<div class=\"wp-block-columns is-layout-flex wp-container-core-columns-is-layout-28f84493 wp-block-columns-is-layout-flex\">\n<div class=\"wp-block-column is-layout-flow wp-block-column-is-layout-flow\">\n<p><a href=\"https:\/\/www.geographie.nat.fau.de\/person\/georg-glasze\/\">Prof. Dr. Georg Glasze<\/a><\/p>\n\n\n\n<figure class=\"wp-block-image size-large is-style-large has-overlay\"><div class=\"image-wrapper\"><img loading=\"lazy\" decoding=\"async\" src=\"https:\/\/www.transforming-human-rights.fau.de\/files\/2025\/12\/N4A0092-e1765552163424-1024x643.jpg\" alt=\"Georg Glasze\" class=\"wp-image-108\" srcset=\"https:\/\/www.transforming-human-rights.fau.de\/files\/2025\/12\/N4A0092-e1765552163424-1024x643.jpg 1024w, https:\/\/www.transforming-human-rights.fau.de\/files\/2025\/12\/N4A0092-e1765552163424-300x189.jpg 300w, https:\/\/www.transforming-human-rights.fau.de\/files\/2025\/12\/N4A0092-e1765552163424-768x483.jpg 768w, https:\/\/www.transforming-human-rights.fau.de\/files\/2025\/12\/N4A0092-e1765552163424-1536x965.jpg 1536w, https:\/\/www.transforming-human-rights.fau.de\/files\/2025\/12\/N4A0092-e1765552163424.jpg 1706w\" \/><button class=\"image-fullscreen-btn\" onclick=\"openImageFullscreen('https:\/\/www.transforming-human-rights.fau.de\/files\/2025\/12\/N4A0092-e1765552163424.jpg')\">\u26f6<\/button><\/div><figcaption class=\"wp-element-caption\">Chair of Geography (Cultural Geography &amp; Political Geography)<br><br>Contact: <a href=\"mailto:georg.glasze@fau.de\">georg.glasze@fau.de<\/a><\/figcaption><\/figure>\n<\/div>\n\n\n\n<div class=\"wp-block-column is-layout-flow wp-block-column-is-layout-flow\">\n<p><a href=\"https:\/\/www.africanlegalstudies.uni-bayreuth.de\/en\/team\/thoko\/index.php\"><\/a><a href=\"https:\/\/www.geographie.nat.fau.de\/person\/sandra-jasper\/\">Prof. Dr. Sandra Jasper<\/a><\/p>\n\n\n\n<figure class=\"wp-block-image size-large is-style-large has-overlay\"><div class=\"image-wrapper\"><img loading=\"lazy\" decoding=\"async\" src=\"https:\/\/www.transforming-human-rights.fau.de\/files\/2026\/02\/Sandra-Jasper-Portrait_Kopf-Kragen-Fotografie-small-731x1024.jpg\" alt=\"Sandra Jasper\" class=\"wp-image-563 tall-image\" srcset=\"https:\/\/www.transforming-human-rights.fau.de\/files\/2026\/02\/Sandra-Jasper-Portrait_Kopf-Kragen-Fotografie-small-731x1024.jpg 731w, https:\/\/www.transforming-human-rights.fau.de\/files\/2026\/02\/Sandra-Jasper-Portrait_Kopf-Kragen-Fotografie-small-214x300.jpg 214w, https:\/\/www.transforming-human-rights.fau.de\/files\/2026\/02\/Sandra-Jasper-Portrait_Kopf-Kragen-Fotografie-small-768x1075.jpg 768w, https:\/\/www.transforming-human-rights.fau.de\/files\/2026\/02\/Sandra-Jasper-Portrait_Kopf-Kragen-Fotografie-small-1097x1536.jpg 1097w, https:\/\/www.transforming-human-rights.fau.de\/files\/2026\/02\/Sandra-Jasper-Portrait_Kopf-Kragen-Fotografie-small-1463x2048.jpg 1463w, https:\/\/www.transforming-human-rights.fau.de\/files\/2026\/02\/Sandra-Jasper-Portrait_Kopf-Kragen-Fotografie-small-scaled.jpg 1828w\" \/><button class=\"image-fullscreen-btn\" onclick=\"openImageFullscreen('https:\/\/www.transforming-human-rights.fau.de\/files\/2026\/02\/Sandra-Jasper-Portrait_Kopf-Kragen-Fotografie-small-scaled.jpg')\">\u26f6<\/button><\/div><figcaption class=\"wp-element-caption\">Chair of Geography (Cultural Geography and Social\/Environmental Research)<br><br>Contact: <a href=\"mailto:sandra.jasper@fau.de\">sandra.jasper@fau.de<\/a><\/figcaption><\/figure>\n<\/div>\n<\/div>\n\n\n\n<div style=\"height:24px\" aria-hidden=\"true\" class=\"wp-block-spacer\"><\/div>\n\n\n\n<div class=\"wp-block-columns is-layout-flex wp-container-core-columns-is-layout-28f84493 wp-block-columns-is-layout-flex\">\n<div class=\"wp-block-column is-layout-flow wp-block-column-is-layout-flow\">\n<p><a href=\"https:\/\/www.africanlegalstudies.uni-bayreuth.de\/en\/team\/thoko\/index.php\">Prof. Dr. Thoko Kaime<\/a><\/p>\n\n\n\n<figure class=\"wp-block-image size-large is-style-large has-overlay\"><div class=\"image-wrapper\"><img loading=\"lazy\" decoding=\"async\" src=\"https:\/\/www.transforming-human-rights.fau.de\/files\/2025\/12\/N4A0984-1024x683.jpg\" alt=\"Thoko Kaime\" class=\"wp-image-122\" srcset=\"https:\/\/www.transforming-human-rights.fau.de\/files\/2025\/12\/N4A0984-1024x683.jpg 1024w, https:\/\/www.transforming-human-rights.fau.de\/files\/2025\/12\/N4A0984-300x200.jpg 300w, https:\/\/www.transforming-human-rights.fau.de\/files\/2025\/12\/N4A0984-768x512.jpg 768w, https:\/\/www.transforming-human-rights.fau.de\/files\/2025\/12\/N4A0984-1536x1024.jpg 1536w, https:\/\/www.transforming-human-rights.fau.de\/files\/2025\/12\/N4A0984.jpg 1920w\" \/><button class=\"image-fullscreen-btn\" onclick=\"openImageFullscreen('https:\/\/www.transforming-human-rights.fau.de\/files\/2025\/12\/N4A0984.jpg')\">\u26f6<\/button><\/div><figcaption class=\"wp-element-caption\">Chair of African Legal Studies at the University of Bayreuth<br><br>Contact: Thoko.Kaime@uni-bayreuth.de<\/figcaption><\/figure>\n<\/div>\n\n\n\n<div class=\"wp-block-column is-layout-flow wp-block-column-is-layout-flow\">\n<p><a href=\"https:\/\/www.philosophie.phil.fau.de\/person\/mayr\/\">Prof. Dr. Erasmus Mayr<\/a><\/p>\n\n\n\n<figure class=\"wp-block-image size-large is-style-large has-overlay\"><div class=\"image-wrapper\"><img loading=\"lazy\" decoding=\"async\" src=\"https:\/\/www.transforming-human-rights.fau.de\/files\/2025\/12\/Erasmus_Mayr-e1765549991381-941x1024.jpg\" alt=\"Erasmus Mayr\" class=\"wp-image-160 tall-image\" srcset=\"https:\/\/www.transforming-human-rights.fau.de\/files\/2025\/12\/Erasmus_Mayr-e1765549991381-941x1024.jpg 941w, https:\/\/www.transforming-human-rights.fau.de\/files\/2025\/12\/Erasmus_Mayr-e1765549991381-276x300.jpg 276w, https:\/\/www.transforming-human-rights.fau.de\/files\/2025\/12\/Erasmus_Mayr-e1765549991381-768x836.jpg 768w, https:\/\/www.transforming-human-rights.fau.de\/files\/2025\/12\/Erasmus_Mayr-e1765549991381.jpg 961w\" \/><button class=\"image-fullscreen-btn\" onclick=\"openImageFullscreen('https:\/\/www.transforming-human-rights.fau.de\/files\/2025\/12\/Erasmus_Mayr-e1765549991381.jpg')\">\u26f6<\/button><\/div><figcaption class=\"wp-element-caption\">Chair of Practical Philosophy<br><br>Contact: <a href=\"mailto:erasmus.mayr@fau.de\">erasmus.mayr@fau.de<\/a><\/figcaption><\/figure>\n<\/div>\n<\/div>\n\n\n\n<div style=\"height:24px\" aria-hidden=\"true\" class=\"wp-block-spacer\"><\/div>\n\n\n\n<div class=\"wp-block-columns is-layout-flex wp-container-core-columns-is-layout-28f84493 wp-block-columns-is-layout-flex\">\n<div class=\"wp-block-column is-layout-flow wp-block-column-is-layout-flow\">\n<p><a href=\"https:\/\/www.ecchr.eu\/en\/person\/annelen-micus\/\">Dr. Annelen Micus<\/a><\/p>\n\n\n\n<figure class=\"wp-block-image size-large is-style-large has-overlay\"><div class=\"image-wrapper\"><img loading=\"lazy\" decoding=\"async\" src=\"https:\/\/www.transforming-human-rights.fau.de\/files\/2025\/12\/N4A0465-e1765552002665-1024x768.jpg\" alt=\"Annelen Micus\" class=\"wp-image-115 tall-image\" srcset=\"https:\/\/www.transforming-human-rights.fau.de\/files\/2025\/12\/N4A0465-e1765552002665-1024x768.jpg 1024w, https:\/\/www.transforming-human-rights.fau.de\/files\/2025\/12\/N4A0465-e1765552002665-300x225.jpg 300w, https:\/\/www.transforming-human-rights.fau.de\/files\/2025\/12\/N4A0465-e1765552002665-768x576.jpg 768w, https:\/\/www.transforming-human-rights.fau.de\/files\/2025\/12\/N4A0465-e1765552002665-1536x1152.jpg 1536w, https:\/\/www.transforming-human-rights.fau.de\/files\/2025\/12\/N4A0465-e1765552002665.jpg 1706w\" \/><button class=\"image-fullscreen-btn\" onclick=\"openImageFullscreen('https:\/\/www.transforming-human-rights.fau.de\/files\/2025\/12\/N4A0465-e1765552002665.jpg')\">\u26f6<\/button><\/div><figcaption class=\"wp-element-caption\">Representative of the European Center for European and Constitutional Rights (ECCHR), Co-Director of the Institute for Legal Intervention<br><br>Contact: <a href=\"mailto:info@ecchr.eu\">info@ecchr.eu<\/a><\/figcaption><\/figure>\n<\/div>\n\n\n\n<div class=\"wp-block-column is-layout-flow wp-block-column-is-layout-flow\">\n<p><a href=\"https:\/\/www.soziologie.phil.fau.de\/institut\/team\/mueller\/\">Prof. Dr. Dominik M\u00fcller<\/a><\/p>\n\n\n\n<figure class=\"wp-block-image size-large is-style-large has-overlay\"><div class=\"image-wrapper\"><img loading=\"lazy\" decoding=\"async\" src=\"https:\/\/www.transforming-human-rights.fau.de\/files\/2025\/12\/N4A0577-e1765551930851-1024x768.jpg\" alt=\"Dominik M\u00fcller\" class=\"wp-image-118 tall-image\" srcset=\"https:\/\/www.transforming-human-rights.fau.de\/files\/2025\/12\/N4A0577-e1765551930851-1024x768.jpg 1024w, https:\/\/www.transforming-human-rights.fau.de\/files\/2025\/12\/N4A0577-e1765551930851-300x225.jpg 300w, https:\/\/www.transforming-human-rights.fau.de\/files\/2025\/12\/N4A0577-e1765551930851-768x576.jpg 768w, https:\/\/www.transforming-human-rights.fau.de\/files\/2025\/12\/N4A0577-e1765551930851-1536x1152.jpg 1536w, https:\/\/www.transforming-human-rights.fau.de\/files\/2025\/12\/N4A0577-e1765551930851.jpg 1706w\" \/><button class=\"image-fullscreen-btn\" onclick=\"openImageFullscreen('https:\/\/www.transforming-human-rights.fau.de\/files\/2025\/12\/N4A0577-e1765551930851.jpg')\">\u26f6<\/button><\/div><figcaption class=\"wp-element-caption\">Chair of Cultural and Social Anthropology<br><br>Contact: <a href=\"mailto:dominik.m.mueller@fau.de\">dominik.m.mueller@fau.de<\/a><\/figcaption><\/figure>\n<\/div>\n<\/div>\n\n\n\n<div style=\"height:24px\" aria-hidden=\"true\" class=\"wp-block-spacer\"><\/div>\n\n\n\n<div class=\"wp-block-columns is-layout-flex wp-container-core-columns-is-layout-28f84493 wp-block-columns-is-layout-flex\">\n<div class=\"wp-block-column is-layout-flow wp-block-column-is-layout-flow\">\n<p><a href=\"https:\/\/sophia.de\/\">Prof. Dr. Vincent C. M\u00fcller<\/a><\/p>\n\n\n\n<figure class=\"wp-block-image size-large is-style-large has-overlay\"><div class=\"image-wrapper\"><img loading=\"lazy\" decoding=\"async\" src=\"https:\/\/www.transforming-human-rights.fau.de\/files\/2025\/12\/Vincent_C._Mueller_Option_1-e1765550013943-850x1024.jpeg\" alt=\"Vincent M\u00fcller\" class=\"wp-image-162 tall-image\" srcset=\"https:\/\/www.transforming-human-rights.fau.de\/files\/2025\/12\/Vincent_C._Mueller_Option_1-e1765550013943-850x1024.jpeg 850w, https:\/\/www.transforming-human-rights.fau.de\/files\/2025\/12\/Vincent_C._Mueller_Option_1-e1765550013943-249x300.jpeg 249w, https:\/\/www.transforming-human-rights.fau.de\/files\/2025\/12\/Vincent_C._Mueller_Option_1-e1765550013943-768x925.jpeg 768w, https:\/\/www.transforming-human-rights.fau.de\/files\/2025\/12\/Vincent_C._Mueller_Option_1-e1765550013943.jpeg 919w\" \/><button class=\"image-fullscreen-btn\" onclick=\"openImageFullscreen('https:\/\/www.transforming-human-rights.fau.de\/files\/2025\/12\/Vincent_C._Mueller_Option_1-e1765550013943.jpeg')\">\u26f6<\/button><\/div><figcaption class=\"wp-element-caption\">Chair of Theory and Ethics of Artificial Intelligence<br><br>Contact: <br><a href=\"mailto:vincent.c.mueller@fau.de\">vincent.c.mueller@fau.de<\/a><\/figcaption><\/figure>\n<\/div>\n\n\n\n<div class=\"wp-block-column is-layout-flow wp-block-column-is-layout-flow\">\n<p><a href=\"https:\/\/www.digit.rw.fau.de\/team\/professorin\/#panel_a6da3623\">Prof. Dr. Paulina Pesch<\/a><\/p>\n\n\n\n<figure class=\"wp-block-image size-large is-style-large has-overlay\"><div class=\"image-wrapper\"><img loading=\"lazy\" decoding=\"async\" src=\"https:\/\/www.transforming-human-rights.fau.de\/files\/2025\/12\/N4A0360-e1765552079159-1024x766.jpg\" alt=\"Paulina Pesch\" class=\"wp-image-112 tall-image\" srcset=\"https:\/\/www.transforming-human-rights.fau.de\/files\/2025\/12\/N4A0360-e1765552079159-1024x766.jpg 1024w, https:\/\/www.transforming-human-rights.fau.de\/files\/2025\/12\/N4A0360-e1765552079159-300x225.jpg 300w, https:\/\/www.transforming-human-rights.fau.de\/files\/2025\/12\/N4A0360-e1765552079159-768x575.jpg 768w, https:\/\/www.transforming-human-rights.fau.de\/files\/2025\/12\/N4A0360-e1765552079159-1536x1150.jpg 1536w, https:\/\/www.transforming-human-rights.fau.de\/files\/2025\/12\/N4A0360-e1765552079159.jpg 1706w\" \/><button class=\"image-fullscreen-btn\" onclick=\"openImageFullscreen('https:\/\/www.transforming-human-rights.fau.de\/files\/2025\/12\/N4A0360-e1765552079159.jpg')\">\u26f6<\/button><\/div><figcaption class=\"wp-element-caption\">Junior Professor of Civil Law, Law of Digitalization, Data Protection Law and Artificial Intelligence Law<br><br>Contact: <a href=\"mailto:paulina.pesch@fau.de\">paulina.pesch@fau.de<\/a><\/figcaption><\/figure>\n<\/div>\n<\/div>\n\n\n\n<div style=\"height:24px\" aria-hidden=\"true\" class=\"wp-block-spacer\"><\/div>\n\n\n\n<div class=\"wp-block-columns is-layout-flex wp-container-core-columns-is-layout-28f84493 wp-block-columns-is-layout-flex\">\n<div class=\"wp-block-column is-layout-flow wp-block-column-is-layout-flow\">\n<p><a href=\"https:\/\/www.mr1.rw.fau.de\/faudir\/prof-dr-eva-pils\/\">Prof. Dr. Eva Pils<\/a><\/p>\n\n\n\n<figure class=\"wp-block-image size-large is-style-large has-overlay\"><div class=\"image-wrapper\"><img loading=\"lazy\" decoding=\"async\" src=\"https:\/\/www.transforming-human-rights.fau.de\/files\/2025\/12\/N4A9609-1024x683.jpg\" alt=\"Eva Pils\" class=\"wp-image-123\" srcset=\"https:\/\/www.transforming-human-rights.fau.de\/files\/2025\/12\/N4A9609-1024x683.jpg 1024w, https:\/\/www.transforming-human-rights.fau.de\/files\/2025\/12\/N4A9609-300x200.jpg 300w, https:\/\/www.transforming-human-rights.fau.de\/files\/2025\/12\/N4A9609-768x512.jpg 768w, https:\/\/www.transforming-human-rights.fau.de\/files\/2025\/12\/N4A9609-1536x1024.jpg 1536w, https:\/\/www.transforming-human-rights.fau.de\/files\/2025\/12\/N4A9609.jpg 1920w\" \/><button class=\"image-fullscreen-btn\" onclick=\"openImageFullscreen('https:\/\/www.transforming-human-rights.fau.de\/files\/2025\/12\/N4A9609.jpg')\">\u26f6<\/button><\/div><figcaption class=\"wp-element-caption\">Chair of Human Rights Law<br><br>Contact: <a href=\"mailto:eva.m.pils@fau.de\">eva.m.pils@fau.de<\/a><\/figcaption><\/figure>\n<\/div>\n\n\n\n<div class=\"wp-block-column is-layout-flow wp-block-column-is-layout-flow\">\n<p><a href=\"https:\/\/www.institut-fuer-menschenrechte.de\/en\/institute\/team\/short-biography-prof-dr-beate-rudolf-director\">Prof. Dr. Beate Rudolf<\/a><\/p>\n\n\n\n<figure class=\"wp-block-image size-large is-style-large has-overlay\"><div class=\"image-wrapper\"><img loading=\"lazy\" decoding=\"async\" src=\"https:\/\/www.transforming-human-rights.fau.de\/files\/2025\/12\/N4A0930-1024x683.jpg\" alt=\"Beate Rudolf\" class=\"wp-image-121\" srcset=\"https:\/\/www.transforming-human-rights.fau.de\/files\/2025\/12\/N4A0930-1024x683.jpg 1024w, https:\/\/www.transforming-human-rights.fau.de\/files\/2025\/12\/N4A0930-300x200.jpg 300w, https:\/\/www.transforming-human-rights.fau.de\/files\/2025\/12\/N4A0930-768x512.jpg 768w, https:\/\/www.transforming-human-rights.fau.de\/files\/2025\/12\/N4A0930-1536x1024.jpg 1536w, https:\/\/www.transforming-human-rights.fau.de\/files\/2025\/12\/N4A0930.jpg 1920w\" \/><button class=\"image-fullscreen-btn\" onclick=\"openImageFullscreen('https:\/\/www.transforming-human-rights.fau.de\/files\/2025\/12\/N4A0930.jpg')\">\u26f6<\/button><\/div><figcaption class=\"wp-element-caption\">Director of the German Institute for Human Rights<br><br>Contact: <a href=\"https:\/\/www.institut-fuer-menschenrechte.de\/en\/institute\/team\/short-biography-prof-dr-beate-rudolf-director#\">Vorzimmer-Direktorin@dimr.de<\/a><\/figcaption><\/figure>\n<\/div>\n<\/div>\n\n\n\n<div style=\"height:24px\" aria-hidden=\"true\" class=\"wp-block-spacer\"><\/div>\n\n\n\n<div class=\"wp-block-columns is-layout-flex wp-container-core-columns-is-layout-28f84493 wp-block-columns-is-layout-flex\">\n<div class=\"wp-block-column is-layout-flow wp-block-column-is-layout-flow\">\n<p><a href=\"https:\/\/www.cl1.rw.fau.de\/lehrstuhl\/holder-of-the-chair\/\">Prof. Dr. Christoph Safferling, LL.M.<\/a><\/p>\n\n\n\n<figure class=\"wp-block-image size-large is-style-large has-overlay\"><div class=\"image-wrapper\"><img loading=\"lazy\" decoding=\"async\" src=\"https:\/\/www.transforming-human-rights.fau.de\/files\/2025\/12\/Christoph_Safferling-scaled-e1765549719279-1024x768.jpg\" alt=\"Christoph Safferling\" class=\"wp-image-157 tall-image\" srcset=\"https:\/\/www.transforming-human-rights.fau.de\/files\/2025\/12\/Christoph_Safferling-scaled-e1765549719279-1024x768.jpg 1024w, https:\/\/www.transforming-human-rights.fau.de\/files\/2025\/12\/Christoph_Safferling-scaled-e1765549719279-300x225.jpg 300w, https:\/\/www.transforming-human-rights.fau.de\/files\/2025\/12\/Christoph_Safferling-scaled-e1765549719279-768x576.jpg 768w, https:\/\/www.transforming-human-rights.fau.de\/files\/2025\/12\/Christoph_Safferling-scaled-e1765549719279-1536x1152.jpg 1536w, https:\/\/www.transforming-human-rights.fau.de\/files\/2025\/12\/Christoph_Safferling-scaled-e1765549719279.jpg 1826w\" \/><button class=\"image-fullscreen-btn\" onclick=\"openImageFullscreen('https:\/\/www.transforming-human-rights.fau.de\/files\/2025\/12\/Christoph_Safferling-scaled-e1765549719279.jpg')\">\u26f6<\/button><\/div><figcaption class=\"wp-element-caption\">Chair of Criminal Law, Criminal Procedure Law, International Criminal Law and International Law<br><br>Contact: <a href=\"mailto:str1@fau.de\">str1@fau.de<\/a><\/figcaption><\/figure>\n<\/div>\n\n\n\n<div class=\"wp-block-column is-layout-flow wp-block-column-is-layout-flow\">\n<p><a href=\"https:\/\/www.wiso.rw.fau.eu\/research\/research-profile\/professors\/prof-dr-almut-schilling-vacaflor\/\">Prof. Dr. Almut Schilling-Vacaflor<\/a><\/p>\n\n\n\n<figure class=\"wp-block-image size-large is-style-large has-overlay\"><div class=\"image-wrapper\"><img loading=\"lazy\" decoding=\"async\" src=\"https:\/\/www.transforming-human-rights.fau.de\/files\/2025\/12\/N4A0139-e1765552143635-1024x768.jpg\" alt=\"Almut Schilling-Vacaflor\" class=\"wp-image-109 tall-image\" srcset=\"https:\/\/www.transforming-human-rights.fau.de\/files\/2025\/12\/N4A0139-e1765552143635-1024x768.jpg 1024w, https:\/\/www.transforming-human-rights.fau.de\/files\/2025\/12\/N4A0139-e1765552143635-300x225.jpg 300w, https:\/\/www.transforming-human-rights.fau.de\/files\/2025\/12\/N4A0139-e1765552143635-768x576.jpg 768w, https:\/\/www.transforming-human-rights.fau.de\/files\/2025\/12\/N4A0139-e1765552143635-1536x1152.jpg 1536w, https:\/\/www.transforming-human-rights.fau.de\/files\/2025\/12\/N4A0139-e1765552143635.jpg 1706w\" \/><button class=\"image-fullscreen-btn\" onclick=\"openImageFullscreen('https:\/\/www.transforming-human-rights.fau.de\/files\/2025\/12\/N4A0139-e1765552143635.jpg')\">\u26f6<\/button><\/div><figcaption class=\"wp-element-caption\">Chair for International Business, Society and Sustainability<br><br>Contact: <a href=\"mailto:almut.schilling-vacaflor@fau.de\">almut.schilling-vacaflor@fau.de<\/a><\/figcaption><\/figure>\n<\/div>\n<\/div>\n\n\n\n<div style=\"height:24px\" aria-hidden=\"true\" class=\"wp-block-spacer\"><\/div>\n\n\n\n<div class=\"wp-block-columns is-layout-flex wp-container-core-columns-is-layout-28f84493 wp-block-columns-is-layout-flex\">\n<div class=\"wp-block-column is-layout-flow wp-block-column-is-layout-flow\">\n<p><a href=\"https:\/\/www.geschichte.phil.fau.de\/person\/dr-daniel-stahl\/\">PD Dr. Daniel Stahl<\/a><\/p>\n\n\n\n<figure class=\"wp-block-image size-large is-style-large has-overlay\"><div class=\"image-wrapper\"><img loading=\"lazy\" decoding=\"async\" src=\"https:\/\/www.transforming-human-rights.fau.de\/files\/2026\/02\/FAU_Magazin_Human_Rights_Print_34-731x1024.jpg\" alt=\"Daniel Stahl\" class=\"wp-image-564 tall-image\" srcset=\"https:\/\/www.transforming-human-rights.fau.de\/files\/2026\/02\/FAU_Magazin_Human_Rights_Print_34-731x1024.jpg 731w, https:\/\/www.transforming-human-rights.fau.de\/files\/2026\/02\/FAU_Magazin_Human_Rights_Print_34-214x300.jpg 214w, https:\/\/www.transforming-human-rights.fau.de\/files\/2026\/02\/FAU_Magazin_Human_Rights_Print_34-768x1075.jpg 768w, https:\/\/www.transforming-human-rights.fau.de\/files\/2026\/02\/FAU_Magazin_Human_Rights_Print_34-1097x1536.jpg 1097w, https:\/\/www.transforming-human-rights.fau.de\/files\/2026\/02\/FAU_Magazin_Human_Rights_Print_34-1463x2048.jpg 1463w, https:\/\/www.transforming-human-rights.fau.de\/files\/2026\/02\/FAU_Magazin_Human_Rights_Print_34-scaled.jpg 1828w\" \/><button class=\"image-fullscreen-btn\" onclick=\"openImageFullscreen('https:\/\/www.transforming-human-rights.fau.de\/files\/2026\/02\/FAU_Magazin_Human_Rights_Print_34-scaled.jpg')\">\u26f6<\/button><\/div><figcaption class=\"wp-element-caption\">Senior Researcher at the Chair of Modern and Contemporary History<br><br>Contact: <a href=\"mailto:daniel.stahl@fau.de\">daniel.stahl@fau.de<\/a><\/figcaption><\/figure>\n<\/div>\n\n\n\n<div class=\"wp-block-column is-layout-flow wp-block-column-is-layout-flow\">\n<p><a href=\"https:\/\/www.ibss.rw.fau.eu\/\"><\/a><a href=\"https:\/\/www.ph-karlsruhe.de\/personen\/detail\/f78rzm\" data-type=\"link\" data-id=\"https:\/\/www.ph-karlsruhe.de\/personen\/detail\/f78rzm\">Prof. Dr. S\u00f6ren Torrau<\/a><\/p>\n\n\n\n<figure class=\"wp-block-image size-large is-style-large has-overlay\"><div class=\"image-wrapper\"><img loading=\"lazy\" decoding=\"async\" src=\"https:\/\/www.transforming-human-rights.fau.de\/files\/2025\/12\/N4A0540-e1765551953312-1024x766.jpg\" alt=\"S\u00f6ren Torrau\" class=\"wp-image-117 tall-image\" srcset=\"https:\/\/www.transforming-human-rights.fau.de\/files\/2025\/12\/N4A0540-e1765551953312-1024x766.jpg 1024w, https:\/\/www.transforming-human-rights.fau.de\/files\/2025\/12\/N4A0540-e1765551953312-300x225.jpg 300w, https:\/\/www.transforming-human-rights.fau.de\/files\/2025\/12\/N4A0540-e1765551953312-768x575.jpg 768w, https:\/\/www.transforming-human-rights.fau.de\/files\/2025\/12\/N4A0540-e1765551953312-1536x1150.jpg 1536w, https:\/\/www.transforming-human-rights.fau.de\/files\/2025\/12\/N4A0540-e1765551953312.jpg 1706w\" \/><button class=\"image-fullscreen-btn\" onclick=\"openImageFullscreen('https:\/\/www.transforming-human-rights.fau.de\/files\/2025\/12\/N4A0540-e1765551953312.jpg')\">\u26f6<\/button><\/div><figcaption class=\"wp-element-caption\">Professor of Political Science and its Didactics at Karlsruhe University of Education<br><br>Contact: soeren.torrau@ph-karlsruhe.de<\/figcaption><\/figure>\n<\/div>\n<\/div>\n\n\n\n<div style=\"height:24px\" aria-hidden=\"true\" class=\"wp-block-spacer\"><\/div>\n\n\n\n<div class=\"wp-block-columns is-layout-flex wp-container-core-columns-is-layout-28f84493 wp-block-columns-is-layout-flex\">\n<div class=\"wp-block-column is-layout-flow wp-block-column-is-layout-flow\">\n<p><a href=\"https:\/\/www.ph-karlsruhe.de\/personen\/detail\/S%C3%B6ren_Torrau_9367\"><\/a><a href=\"https:\/\/www.geographie.nat.fau.de\/person\/blake-walker\/\">Prof. Dr. Blake Walker<\/a><\/p>\n\n\n\n<figure class=\"wp-block-image size-full is-style-large has-overlay\"><div class=\"image-wrapper\"><img loading=\"lazy\" decoding=\"async\" src=\"https:\/\/www.transforming-human-rights.fau.de\/files\/2026\/02\/Walker_Portrait.jpg\" alt=\"Blake Walker\" class=\"wp-image-565 tall-image\" srcset=\"https:\/\/www.transforming-human-rights.fau.de\/files\/2026\/02\/Walker_Portrait.jpg 375w, https:\/\/www.transforming-human-rights.fau.de\/files\/2026\/02\/Walker_Portrait-233x300.jpg 233w\" \/><button class=\"image-fullscreen-btn\" onclick=\"openImageFullscreen('https:\/\/www.transforming-human-rights.fau.de\/files\/2026\/02\/Walker_Portrait.jpg')\">\u26f6<\/button><\/div><figcaption class=\"wp-element-caption\">Professor of Geography (Digital Geography\/Cultural Geography)<br><br>Contact: <a href=\"mailto:blake.walker@fau.de\">blake.walker@fau.de<\/a><\/figcaption><\/figure>\n<\/div>\n\n\n\n<div class=\"wp-block-column is-layout-flow wp-block-column-is-layout-flow\">\n<p><a href=\"https:\/\/www.oer3.rw.fau.eu\/person\/prof-dr-dr-patricia-wiater\/\">Prof. Dr. Dr. Patricia Wiater<\/a><\/p>\n\n\n\n<figure class=\"wp-block-image size-large is-style-large has-overlay\"><div class=\"image-wrapper\"><img loading=\"lazy\" decoding=\"async\" src=\"https:\/\/www.transforming-human-rights.fau.de\/files\/2025\/12\/N4A0671-e1765551856588-1024x768.jpg\" alt=\"Patricia Wiater\" class=\"wp-image-120 tall-image\" srcset=\"https:\/\/www.transforming-human-rights.fau.de\/files\/2025\/12\/N4A0671-e1765551856588-1024x768.jpg 1024w, https:\/\/www.transforming-human-rights.fau.de\/files\/2025\/12\/N4A0671-e1765551856588-300x225.jpg 300w, https:\/\/www.transforming-human-rights.fau.de\/files\/2025\/12\/N4A0671-e1765551856588-768x576.jpg 768w, https:\/\/www.transforming-human-rights.fau.de\/files\/2025\/12\/N4A0671-e1765551856588-1536x1152.jpg 1536w, https:\/\/www.transforming-human-rights.fau.de\/files\/2025\/12\/N4A0671-e1765551856588.jpg 1706w\" \/><button class=\"image-fullscreen-btn\" onclick=\"openImageFullscreen('https:\/\/www.transforming-human-rights.fau.de\/files\/2025\/12\/N4A0671-e1765551856588.jpg')\">\u26f6<\/button><\/div><figcaption class=\"wp-element-caption\">Chair of Public Law, Public International Law and Human Rights<br><br>Contact: <a href=\"mailto:oer3-lehrstuhl-wiater@fau.de\">oer3-lehrstuhl-wiater@fau.de<\/a><\/figcaption><\/figure>\n<\/div>\n<\/div>\n\n\n\n<div class=\"wp-block-columns is-layout-flex wp-container-core-columns-is-layout-28f84493 wp-block-columns-is-layout-flex\">\n<div class=\"wp-block-column is-layout-flow wp-block-column-is-layout-flow\"><\/div>\n<\/div>\n\n\n\n<h2 class=\"wp-block-fau-elemental-fau-meta-headline\" id=\"headline-cf5fb777-e9df-4060-af3f-216fb4ba0f9d\">Cluster Office Team Members<\/h2>\n\n\n\n<div class=\"wp-block-columns is-layout-flex wp-container-core-columns-is-layout-28f84493 wp-block-columns-is-layout-flex\">\n<div class=\"wp-block-column is-layout-flow wp-block-column-is-layout-flow\">\n<p><strong>Dr. Robert Fischer<\/strong><\/p>\n\n\n\n<figure class=\"wp-block-image size-large is-style-large has-overlay\"><div class=\"image-wrapper\"><img loading=\"lazy\" decoding=\"async\" src=\"https:\/\/www.transforming-human-rights.fau.de\/files\/2025\/12\/N4A0263-e1765552105133-1024x766.jpg\" alt=\"Robert Fischer\" class=\"wp-image-111 tall-image\" srcset=\"https:\/\/www.transforming-human-rights.fau.de\/files\/2025\/12\/N4A0263-e1765552105133-1024x766.jpg 1024w, https:\/\/www.transforming-human-rights.fau.de\/files\/2025\/12\/N4A0263-e1765552105133-300x225.jpg 300w, https:\/\/www.transforming-human-rights.fau.de\/files\/2025\/12\/N4A0263-e1765552105133-768x575.jpg 768w, https:\/\/www.transforming-human-rights.fau.de\/files\/2025\/12\/N4A0263-e1765552105133-1536x1150.jpg 1536w, https:\/\/www.transforming-human-rights.fau.de\/files\/2025\/12\/N4A0263-e1765552105133.jpg 1706w\" \/><button class=\"image-fullscreen-btn\" onclick=\"openImageFullscreen('https:\/\/www.transforming-human-rights.fau.de\/files\/2025\/12\/N4A0263-e1765552105133.jpg')\">\u26f6<\/button><\/div><figcaption class=\"wp-element-caption\">Managing Director<br><br>Contact: <a href=\"mailto:robert.fischer@fau.de\">robert.fischer@fau.de<\/a><\/figcaption><\/figure>\n<\/div>\n\n\n\n<div class=\"wp-block-column is-layout-flow wp-block-column-is-layout-flow\">\n<p><strong>Jessica Ewing<\/strong><\/p>\n\n\n\n<figure class=\"wp-block-image size-large is-style-large has-overlay\"><div class=\"image-wrapper\"><img loading=\"lazy\" decoding=\"async\" src=\"https:\/\/www.transforming-human-rights.fau.de\/files\/2026\/01\/IMG-20201001-WA0039-1024x768.jpg\" alt=\"Jessica Ewing\" class=\"wp-image-459 tall-image\" srcset=\"https:\/\/www.transforming-human-rights.fau.de\/files\/2026\/01\/IMG-20201001-WA0039-1024x768.jpg 1024w, https:\/\/www.transforming-human-rights.fau.de\/files\/2026\/01\/IMG-20201001-WA0039-300x225.jpg 300w, https:\/\/www.transforming-human-rights.fau.de\/files\/2026\/01\/IMG-20201001-WA0039-768x576.jpg 768w, https:\/\/www.transforming-human-rights.fau.de\/files\/2026\/01\/IMG-20201001-WA0039-1536x1152.jpg 1536w, https:\/\/www.transforming-human-rights.fau.de\/files\/2026\/01\/IMG-20201001-WA0039.jpg 1600w\" \/><button class=\"image-fullscreen-btn\" onclick=\"openImageFullscreen('https:\/\/www.transforming-human-rights.fau.de\/files\/2026\/01\/IMG-20201001-WA0039.jpg')\">\u26f6<\/button><\/div><figcaption class=\"wp-element-caption\">Outreach Coordinator, Fellowship Program Coordinator<br><br>Contact: <a>jessica.ewing@fau.de<\/a><\/figcaption><\/figure>\n<\/div>\n<\/div>\n\n\n\n<div style=\"height:24px\" aria-hidden=\"true\" class=\"wp-block-spacer\"><\/div>\n\n\n\n<div class=\"wp-block-columns is-layout-flex wp-container-core-columns-is-layout-28f84493 wp-block-columns-is-layout-flex\">\n<div class=\"wp-block-column is-layout-flow wp-block-column-is-layout-flow\">\n<p><strong>Ann-Kathrin Kluge<\/strong><\/p>\n\n\n\n<figure class=\"wp-block-image size-full is-style-large has-overlay\"><div class=\"image-wrapper\"><img loading=\"lazy\" decoding=\"async\" src=\"https:\/\/www.transforming-human-rights.fau.de\/files\/2025\/12\/250522_FAU_CHREN_Kluge_Ann-Kathrin-240x320-1.png\" alt=\"Ann-Kathrin Kluge\" class=\"wp-image-196 tall-image\" srcset=\"https:\/\/www.transforming-human-rights.fau.de\/files\/2025\/12\/250522_FAU_CHREN_Kluge_Ann-Kathrin-240x320-1.png 240w, https:\/\/www.transforming-human-rights.fau.de\/files\/2025\/12\/250522_FAU_CHREN_Kluge_Ann-Kathrin-240x320-1-225x300.png 225w\" \/><button class=\"image-fullscreen-btn\" onclick=\"openImageFullscreen('https:\/\/www.transforming-human-rights.fau.de\/files\/2025\/12\/250522_FAU_CHREN_Kluge_Ann-Kathrin-240x320-1.png')\">\u26f6<\/button><\/div><figcaption class=\"wp-element-caption\">Office Coordinator<br><br>Contact: <a href=\"mailto:ann.k.kluge@fau.de\">ann.k.kluge@fau.de<\/a><\/figcaption><\/figure>\n<\/div>\n\n\n\n<div class=\"wp-block-column is-layout-flow wp-block-column-is-layout-flow\">\n<p><strong>Silvia Kr\u00f6nig<\/strong><\/p>\n\n\n\n<figure class=\"wp-block-image size-full is-style-large has-overlay\"><div class=\"image-wrapper\"><img loading=\"lazy\" decoding=\"async\" src=\"https:\/\/www.transforming-human-rights.fau.de\/files\/2026\/01\/Silvia-Kroenig-FAU_Magazin_Human_Rights_Web_046-scaled.jpg\" alt=\"Silvia Kr\u00f6nig\" class=\"wp-image-490 tall-image\" srcset=\"https:\/\/www.transforming-human-rights.fau.de\/files\/2026\/01\/Silvia-Kroenig-FAU_Magazin_Human_Rights_Web_046-scaled.jpg 2285w, https:\/\/www.transforming-human-rights.fau.de\/files\/2026\/01\/Silvia-Kroenig-FAU_Magazin_Human_Rights_Web_046-268x300.jpg 268w, https:\/\/www.transforming-human-rights.fau.de\/files\/2026\/01\/Silvia-Kroenig-FAU_Magazin_Human_Rights_Web_046-914x1024.jpg 914w, https:\/\/www.transforming-human-rights.fau.de\/files\/2026\/01\/Silvia-Kroenig-FAU_Magazin_Human_Rights_Web_046-768x860.jpg 768w, https:\/\/www.transforming-human-rights.fau.de\/files\/2026\/01\/Silvia-Kroenig-FAU_Magazin_Human_Rights_Web_046-1371x1536.jpg 1371w, https:\/\/www.transforming-human-rights.fau.de\/files\/2026\/01\/Silvia-Kroenig-FAU_Magazin_Human_Rights_Web_046-1828x2048.jpg 1828w\" \/><button class=\"image-fullscreen-btn\" onclick=\"openImageFullscreen('https:\/\/www.transforming-human-rights.fau.de\/files\/2026\/01\/Silvia-Kroenig-FAU_Magazin_Human_Rights_Web_046-scaled.jpg')\">\u26f6<\/button><\/div><figcaption class=\"wp-element-caption\">Finance Manager<br><br>Email: <a>silvia.kroenig@fau.de<\/a><\/figcaption><\/figure>\n<\/div>\n<\/div>\n\n\n\n<div class=\"wp-block-columns is-layout-flex wp-container-core-columns-is-layout-28f84493 wp-block-columns-is-layout-flex\">\n<div class=\"wp-block-column is-layout-flow wp-block-column-is-layout-flow\">\n<p><strong>Dr. Nadja Kutscher<\/strong><\/p>\n\n\n\n<figure class=\"wp-block-image size-large is-style-large has-overlay\"><div class=\"image-wrapper\"><img loading=\"lazy\" decoding=\"async\" src=\"https:\/\/www.transforming-human-rights.fau.de\/files\/2026\/01\/1-768x1024.jpeg\" alt=\"Nadja Kutscher\" class=\"wp-image-457 tall-image\" srcset=\"https:\/\/www.transforming-human-rights.fau.de\/files\/2026\/01\/1-768x1024.jpeg 768w, https:\/\/www.transforming-human-rights.fau.de\/files\/2026\/01\/1-225x300.jpeg 225w, https:\/\/www.transforming-human-rights.fau.de\/files\/2026\/01\/1-1152x1536.jpeg 1152w, https:\/\/www.transforming-human-rights.fau.de\/files\/2026\/01\/1-1536x2048.jpeg 1536w, https:\/\/www.transforming-human-rights.fau.de\/files\/2026\/01\/1-scaled.jpeg 1920w\" \/><button class=\"image-fullscreen-btn\" onclick=\"openImageFullscreen('https:\/\/www.transforming-human-rights.fau.de\/files\/2026\/01\/1-scaled.jpeg')\">\u26f6<\/button><\/div><figcaption class=\"wp-element-caption\">Outreach Coordinator, Diversity and Equity Coordinator<br><br>Contact: <a>nadja.kutscher@fau.de<\/a><\/figcaption><\/figure>\n<\/div>\n\n\n\n<div class=\"wp-block-column is-layout-flow wp-block-column-is-layout-flow\">\n<p><strong>Dr. Maria Jose Luque<\/strong><\/p>\n\n\n\n<figure class=\"wp-block-image size-large is-style-large has-overlay\"><div class=\"image-wrapper\"><img loading=\"lazy\" decoding=\"async\" src=\"https:\/\/www.transforming-human-rights.fau.de\/files\/2026\/01\/LUQUE-FOTO-EXC-cluster-849x1024.jpg\" alt=\"Maria Jose Luque\" class=\"wp-image-502 tall-image\" srcset=\"https:\/\/www.transforming-human-rights.fau.de\/files\/2026\/01\/LUQUE-FOTO-EXC-cluster-849x1024.jpg 849w, https:\/\/www.transforming-human-rights.fau.de\/files\/2026\/01\/LUQUE-FOTO-EXC-cluster-249x300.jpg 249w, https:\/\/www.transforming-human-rights.fau.de\/files\/2026\/01\/LUQUE-FOTO-EXC-cluster-768x927.jpg 768w, https:\/\/www.transforming-human-rights.fau.de\/files\/2026\/01\/LUQUE-FOTO-EXC-cluster-1273x1536.jpg 1273w, https:\/\/www.transforming-human-rights.fau.de\/files\/2026\/01\/LUQUE-FOTO-EXC-cluster.jpg 1326w\" \/><button class=\"image-fullscreen-btn\" onclick=\"openImageFullscreen('https:\/\/www.transforming-human-rights.fau.de\/files\/2026\/01\/LUQUE-FOTO-EXC-cluster.jpg')\">\u26f6<\/button><\/div><figcaption class=\"wp-element-caption\">Postdoc Program Coordinator<br><br>Email: <a href=\"mailto:maria.jose.luque@fau.de\" target=\"_blank\" rel=\"noreferrer noopener\">maria.jose.luque@fau.de<\/a><\/figcaption><\/figure>\n<\/div>\n<\/div>\n\n\n\n<div class=\"wp-block-columns is-layout-flex wp-container-core-columns-is-layout-28f84493 wp-block-columns-is-layout-flex\">\n<div class=\"wp-block-column is-layout-flow wp-block-column-is-layout-flow\"><\/div>\n<\/div>\n\n\n\n<p><\/p>\n","protected":false},"excerpt":{"rendered":"<p>Our interdisciplinary team brings together researchers from the fields of law, political science, philosophy, anthropology, human geography, history, computer sciences, management studies, and education. Together with four participating institutions in Germany \u2013 the International Nuremberg Principles Academy, the German Institute for Human Rights, the European Center for Constitutional and Human Rights, the Max Planck Institute [&hellip;]<\/p>\n","protected":false},"author":3046,"featured_media":604,"parent":0,"menu_order":0,"comment_status":"closed","ping_status":"closed","template":"","meta":{"_rrze_cache":"enabled","_access_permission":"","_rrze_multilang_single_locale":"en_US","_rrze_multilang_single_source":"https:\/\/www.transforming-human-rights.fau.de\/?page_id=41","footnotes":""},"page_category":[],"page_tag":[],"class_list":["post-106","page","type-page","status-publish","has-post-thumbnail","hentry","en-US"],"_links":{"self":[{"href":"https:\/\/www.transforming-human-rights.fau.de\/wp-json\/wp\/v2\/pages\/106","targetHints":{"allow":["GET"]}}],"collection":[{"href":"https:\/\/www.transforming-human-rights.fau.de\/wp-json\/wp\/v2\/pages"}],"about":[{"href":"https:\/\/www.transforming-human-rights.fau.de\/wp-json\/wp\/v2\/types\/page"}],"author":[{"embeddable":true,"href":"https:\/\/www.transforming-human-rights.fau.de\/wp-json\/wp\/v2\/users\/3046"}],"replies":[{"embeddable":true,"href":"https:\/\/www.transforming-human-rights.fau.de\/wp-json\/wp\/v2\/comments?post=106"}],"version-history":[{"count":11,"href":"https:\/\/www.transforming-human-rights.fau.de\/wp-json\/wp\/v2\/pages\/106\/revisions"}],"predecessor-version":[{"id":777,"href":"https:\/\/www.transforming-human-rights.fau.de\/wp-json\/wp\/v2\/pages\/106\/revisions\/777"}],"wp:featuredmedia":[{"embeddable":true,"href":"https:\/\/www.transforming-human-rights.fau.de\/wp-json\/wp\/v2\/media\/604"}],"wp:attachment":[{"href":"https:\/\/www.transforming-human-rights.fau.de\/wp-json\/wp\/v2\/media?parent=106"}],"wp:term":[{"taxonomy":"page_category","embeddable":true,"href":"https:\/\/www.transforming-human-rights.fau.de\/wp-json\/wp\/v2\/page_category?post=106"},{"taxonomy":"page_tag","embeddable":true,"href":"https:\/\/www.transforming-human-rights.fau.de\/wp-json\/wp\/v2\/page_tag?post=106"}],"curies":[{"name":"wp","href":"https:\/\/api.w.org\/{rel}","templated":true}]}}